{"version":"1.0","provider_name":"Kreat\u00edv \u00d6tletek","provider_url":"https:\/\/otletes.cafeblog.hu","author_name":"Edysh","author_url":"https:\/\/otletes.cafeblog.hu\/author\/edysh\/","title":"Fa\u00e1g tuning \u00e9kszertart\u00f3nak","html":"<div style=\"clear: both;text-align: center\"><a href=\"http:\/\/4.bp.blogspot.com\/-Iu_qkSEwM3g\/T-xV3TqUmZI\/AAAAAAAAAxw\/cjB8vLFphTY\/s1600\/fa%C3%A1g%C3%A9kszer.jpg\" style=\"clear: left;float: left;margin-bottom: 1em;margin-right: 1em\"><img border=\"0\" height=\"266\" src=\"https:\/\/otletes.cafeblog.hu\/files\/2012\/05\/fa\u00e1g\u00e9kszer.jpg\" width=\"400\" \/><\/a><\/div>Ezt az \u00e9kszertart\u00f3 fa\u00e1gat egy k\u00fclf\u00f6ldi butik elad\u00f3 term\u00e9kei k\u00f6zt tal\u00e1ltam, de \u00e9n \u00fagy d\u00f6nt\u00f6ttem ink\u00e1bb elk\u00e9sz\u00edtem magamnak.<br \/><br \/>Kell\u00e9kek:<br \/>Egy sz\u00e9p fa\u00e1g<br \/>Fest\u00e9kspray<br \/><br \/>Elk\u00e9sz\u00edt\u00e9s:<br \/>A fa\u00e1gat fess\u00fck le a k\u00edv\u00e1nt sz\u00ednre, majd r\u00f6gz\u00edts\u00fck a falra.<br \/>\u00c9n a r\u00f6gz\u00edt\u00e9shez \u00f6ntapad\u00f3s t\u00e9p\u0151z\u00e1rat haszn\u00e1ln\u00e9k. Szerintem az a legegyszer\u0171bb megold\u00e1s.<br \/><br \/><span style=\"font-size: xx-small\"><a href=\"http:\/\/www.thesfstyle.com\/\" target=\"_blank\">K\u00e9p forr\u00e1sa<\/a><\/span>","type":"rich"}